{"id":119361,"date":"2023-01-23T15:29:59","date_gmt":"2023-01-23T14:29:59","guid":{"rendered":"https:\/\/www.region-a3.com\/?post_type=mediagallery&#038;p=119361"},"modified":"2026-03-13T14:06:10","modified_gmt":"2026-03-13T13:06:10","slug":"menschen-bei-ihrer-arbeit-in-a3","status":"publish","type":"mediagallery","link":"https:\/\/www.region-a3.com\/en\/galerie\/menschen-bei-ihrer-arbeit-in-a3\/","title":{"rendered":"Menschen bei ihrer Arbeit in A\u00b3"},"content":{"rendered":"<p>Im Rahmen unseres F\u00f6rderprojekts &#8220;Regionale Identit\u00e4t sind wir viel herumgekommen. Unter anderem haben wir Unternehmen und Forschungseinrichtungen besucht und ungestellte Fotoaufnahmen w\u00e4hrend der Arbeit gemacht. Herausgekommen ist ein wunderbarer Eindruck von Arbeitspl\u00e4tzen und Menschen in der Region. Echt, ungestellt und nah dran. \u00dcberzeugen Sie sich selbst.<\/p>\n<p>&nbsp;<\/p>\n<p>&nbsp;<\/p>\n","protected":false},"excerpt":{"rendered":"<p>Im Rahmen unseres F\u00f6rderprojekts &#8220;Regionale Identit\u00e4t sind wir viel herumgekommen. Unter anderem haben wir Unternehmen und Forschungseinrichtungen besucht und ungestellte Fotoaufnahmen w\u00e4hrend der Arbeit gemacht. Herausgekommen ist ein wunderbarer Eindruck von Arbeitspl\u00e4tzen und Menschen in der Region. Echt, ungestellt und nah dran. \u00dcberzeugen Sie sich selbst. &nbsp; &nbsp;<\/p>\n","protected":false},"featured_media":0,"template":"","meta":{"_acf_changed":false},"gallery_name":[253,261],"mediagallerien_category":[290,300,274,293,292,291,338,298,280],"mediengallerie_tag":[],"mediagallery_cat":[255],"class_list":["post-119361","mediagallery","type-mediagallery","status-publish","hentry","gallery_name-haupt_galerie","gallery_name-regionale-identitaet","mediagallerien_category-arbeit","mediagallerien_category-branchenvielfalt","mediagallerien_category-diversitaet","mediagallerien_category-dynamik","mediagallerien_category-forschung","mediagallerien_category-knowhow","mediagallerien_category-regionale-identitaet","mediagallerien_category-wirtschaftskraft","mediagallerien_category-zukunftsfaehigkeit","mediagallery_cat-foto"],"acf":[],"yoast_head":"<!-- This site is optimized with the Yoast SEO plugin v27.5 - https:\/\/yoast.com\/product\/yoast-seo-wordpress\/ -->\n<title>Menschen bei ihrer Arbeit in A\u00b3 &#187; A\u00b3<\/title>\n<meta name=\"robots\" content=\"index, follow, max-snippet:-1, max-image-preview:large, max-video-preview:-1\" \/>\n<link rel=\"canonical\" href=\"https:\/\/www.region-a3.com\/en\/galerie\/menschen-bei-ihrer-arbeit-in-a3\/\" \/>\n<meta property=\"og:locale\" content=\"en_US\" \/>\n<meta property=\"og:type\" content=\"article\" \/>\n<meta property=\"og:title\" content=\"Menschen bei ihrer Arbeit in A\u00b3 &#187; A\u00b3\" \/>\n<meta property=\"og:description\" content=\"Im Rahmen unseres F\u00f6rderprojekts &#8220;Regionale Identit\u00e4t sind wir viel herumgekommen. Unter anderem haben wir Unternehmen und Forschungseinrichtungen besucht und ungestellte Fotoaufnahmen w\u00e4hrend der Arbeit gemacht. Herausgekommen ist ein wunderbarer Eindruck von Arbeitspl\u00e4tzen und Menschen in der Region. Echt, ungestellt und nah dran. \u00dcberzeugen Sie sich selbst. &nbsp; &nbsp;\" \/>\n<meta property=\"og:url\" content=\"https:\/\/www.region-a3.com\/en\/galerie\/menschen-bei-ihrer-arbeit-in-a3\/\" \/>\n<meta property=\"og:site_name\" content=\"A\u00b3\" \/>\n<meta property=\"article:publisher\" content=\"https:\/\/www.facebook.com\/pages\/Regio-Augsburg-Wirtschaft-GmbH\/517310831654971\" \/>\n<meta property=\"article:modified_time\" content=\"2026-03-13T13:06:10+00:00\" \/>\n<meta property=\"og:image\" content=\"https:\/\/www.region-a3.com\/wp-content\/uploads\/2021\/02\/A3-favicon_192x192px.png\" \/>\n\t<meta property=\"og:image:width\" content=\"192\" \/>\n\t<meta property=\"og:image:height\" content=\"192\" \/>\n\t<meta property=\"og:image:type\" content=\"image\/png\" \/>\n<meta name=\"twitter:card\" content=\"summary_large_image\" \/>\n<meta name=\"twitter:site\" content=\"@ahoch3_augsburg\" \/>\n<meta name=\"twitter:label1\" content=\"Est. reading time\" \/>\n\t<meta name=\"twitter:data1\" content=\"1 minute\" \/>\n<script type=\"application\/ld+json\" class=\"yoast-schema-graph\">{\"@context\":\"https:\\\/\\\/schema.org\",\"@graph\":[{\"@type\":\"WebPage\",\"@id\":\"https:\\\/\\\/www.region-a3.com\\\/en\\\/galerie\\\/menschen-bei-ihrer-arbeit-in-a3\\\/\",\"url\":\"https:\\\/\\\/www.region-a3.com\\\/en\\\/galerie\\\/menschen-bei-ihrer-arbeit-in-a3\\\/\",\"name\":\"Menschen bei ihrer Arbeit in A\u00b3 &#187; A\u00b3\",\"isPartOf\":{\"@id\":\"https:\\\/\\\/www.region-a3.com\\\/en\\\/#website\"},\"datePublished\":\"2023-01-23T14:29:59+00:00\",\"dateModified\":\"2026-03-13T13:06:10+00:00\",\"breadcrumb\":{\"@id\":\"https:\\\/\\\/www.region-a3.com\\\/en\\\/galerie\\\/menschen-bei-ihrer-arbeit-in-a3\\\/#breadcrumb\"},\"inLanguage\":\"en-US\",\"potentialAction\":[{\"@type\":\"ReadAction\",\"target\":[\"https:\\\/\\\/www.region-a3.com\\\/en\\\/galerie\\\/menschen-bei-ihrer-arbeit-in-a3\\\/\"]}]},{\"@type\":\"BreadcrumbList\",\"@id\":\"https:\\\/\\\/www.region-a3.com\\\/en\\\/galerie\\\/menschen-bei-ihrer-arbeit-in-a3\\\/#breadcrumb\",\"itemListElement\":[{\"@type\":\"ListItem\",\"position\":1,\"name\":\"Mediengallerien\",\"item\":\"https:\\\/\\\/www.region-a3.com\\\/en\\\/galerie\\\/\"},{\"@type\":\"ListItem\",\"position\":2,\"name\":\"Menschen bei ihrer Arbeit in A\u00b3\"}]},{\"@type\":\"WebSite\",\"@id\":\"https:\\\/\\\/www.region-a3.com\\\/en\\\/#website\",\"url\":\"https:\\\/\\\/www.region-a3.com\\\/en\\\/\",\"name\":\"A\u00b3\",\"description\":\"Website der Regio Augsburg Wirtschaft GmbH\",\"publisher\":{\"@id\":\"https:\\\/\\\/www.region-a3.com\\\/en\\\/#organization\"},\"potentialAction\":[{\"@type\":\"SearchAction\",\"target\":{\"@type\":\"EntryPoint\",\"urlTemplate\":\"https:\\\/\\\/www.region-a3.com\\\/en\\\/?s={search_term_string}\"},\"query-input\":{\"@type\":\"PropertyValueSpecification\",\"valueRequired\":true,\"valueName\":\"search_term_string\"}}],\"inLanguage\":\"en-US\"},{\"@type\":\"Organization\",\"@id\":\"https:\\\/\\\/www.region-a3.com\\\/en\\\/#organization\",\"name\":\"Regio Augsburg Wirtschaft GmbH\",\"url\":\"https:\\\/\\\/www.region-a3.com\\\/en\\\/\",\"logo\":{\"@type\":\"ImageObject\",\"inLanguage\":\"en-US\",\"@id\":\"https:\\\/\\\/www.region-a3.com\\\/en\\\/#\\\/schema\\\/logo\\\/image\\\/\",\"url\":\"https:\\\/\\\/www.region-a3.com\\\/wp-content\\\/uploads\\\/2020\\\/11\\\/A3-Regio_Augsburg_Wirtschaft-Logo-rgb.jpg\",\"contentUrl\":\"https:\\\/\\\/www.region-a3.com\\\/wp-content\\\/uploads\\\/2020\\\/11\\\/A3-Regio_Augsburg_Wirtschaft-Logo-rgb.jpg\",\"width\":692,\"height\":265,\"caption\":\"Regio Augsburg Wirtschaft GmbH\"},\"image\":{\"@id\":\"https:\\\/\\\/www.region-a3.com\\\/en\\\/#\\\/schema\\\/logo\\\/image\\\/\"},\"sameAs\":[\"https:\\\/\\\/www.facebook.com\\\/pages\\\/Regio-Augsburg-Wirtschaft-GmbH\\\/517310831654971\",\"https:\\\/\\\/x.com\\\/ahoch3_augsburg\",\"https:\\\/\\\/www.linkedin.com\\\/company\\\/regio-augsburg-wirtschaft-gmbh\",\"https:\\\/\\\/www.youtube.com\\\/user\\\/RegionA3\"]}]}<\/script>\n<!-- \/ Yoast SEO plugin. -->","yoast_head_json":{"title":"Menschen bei ihrer Arbeit in A\u00b3 &#187; A\u00b3","robots":{"index":"index","follow":"follow","max-snippet":"max-snippet:-1","max-image-preview":"max-image-preview:large","max-video-preview":"max-video-preview:-1"},"canonical":"https:\/\/www.region-a3.com\/en\/galerie\/menschen-bei-ihrer-arbeit-in-a3\/","og_locale":"en_US","og_type":"article","og_title":"Menschen bei ihrer Arbeit in A\u00b3 &#187; A\u00b3","og_description":"Im Rahmen unseres F\u00f6rderprojekts &#8220;Regionale Identit\u00e4t sind wir viel herumgekommen. Unter anderem haben wir Unternehmen und Forschungseinrichtungen besucht und ungestellte Fotoaufnahmen w\u00e4hrend der Arbeit gemacht. Herausgekommen ist ein wunderbarer Eindruck von Arbeitspl\u00e4tzen und Menschen in der Region. Echt, ungestellt und nah dran. \u00dcberzeugen Sie sich selbst. &nbsp; &nbsp;","og_url":"https:\/\/www.region-a3.com\/en\/galerie\/menschen-bei-ihrer-arbeit-in-a3\/","og_site_name":"A\u00b3","article_publisher":"https:\/\/www.facebook.com\/pages\/Regio-Augsburg-Wirtschaft-GmbH\/517310831654971","article_modified_time":"2026-03-13T13:06:10+00:00","og_image":[{"width":192,"height":192,"url":"https:\/\/www.region-a3.com\/wp-content\/uploads\/2021\/02\/A3-favicon_192x192px.png","type":"image\/png"}],"twitter_card":"summary_large_image","twitter_site":"@ahoch3_augsburg","twitter_misc":{"Est. reading time":"1 minute"},"schema":{"@context":"https:\/\/schema.org","@graph":[{"@type":"WebPage","@id":"https:\/\/www.region-a3.com\/en\/galerie\/menschen-bei-ihrer-arbeit-in-a3\/","url":"https:\/\/www.region-a3.com\/en\/galerie\/menschen-bei-ihrer-arbeit-in-a3\/","name":"Menschen bei ihrer Arbeit in A\u00b3 &#187; A\u00b3","isPartOf":{"@id":"https:\/\/www.region-a3.com\/en\/#website"},"datePublished":"2023-01-23T14:29:59+00:00","dateModified":"2026-03-13T13:06:10+00:00","breadcrumb":{"@id":"https:\/\/www.region-a3.com\/en\/galerie\/menschen-bei-ihrer-arbeit-in-a3\/#breadcrumb"},"inLanguage":"en-US","potentialAction":[{"@type":"ReadAction","target":["https:\/\/www.region-a3.com\/en\/galerie\/menschen-bei-ihrer-arbeit-in-a3\/"]}]},{"@type":"BreadcrumbList","@id":"https:\/\/www.region-a3.com\/en\/galerie\/menschen-bei-ihrer-arbeit-in-a3\/#breadcrumb","itemListElement":[{"@type":"ListItem","position":1,"name":"Mediengallerien","item":"https:\/\/www.region-a3.com\/en\/galerie\/"},{"@type":"ListItem","position":2,"name":"Menschen bei ihrer Arbeit in A\u00b3"}]},{"@type":"WebSite","@id":"https:\/\/www.region-a3.com\/en\/#website","url":"https:\/\/www.region-a3.com\/en\/","name":"A\u00b3","description":"Website der Regio Augsburg Wirtschaft GmbH","publisher":{"@id":"https:\/\/www.region-a3.com\/en\/#organization"},"potentialAction":[{"@type":"SearchAction","target":{"@type":"EntryPoint","urlTemplate":"https:\/\/www.region-a3.com\/en\/?s={search_term_string}"},"query-input":{"@type":"PropertyValueSpecification","valueRequired":true,"valueName":"search_term_string"}}],"inLanguage":"en-US"},{"@type":"Organization","@id":"https:\/\/www.region-a3.com\/en\/#organization","name":"Regio Augsburg Wirtschaft GmbH","url":"https:\/\/www.region-a3.com\/en\/","logo":{"@type":"ImageObject","inLanguage":"en-US","@id":"https:\/\/www.region-a3.com\/en\/#\/schema\/logo\/image\/","url":"https:\/\/www.region-a3.com\/wp-content\/uploads\/2020\/11\/A3-Regio_Augsburg_Wirtschaft-Logo-rgb.jpg","contentUrl":"https:\/\/www.region-a3.com\/wp-content\/uploads\/2020\/11\/A3-Regio_Augsburg_Wirtschaft-Logo-rgb.jpg","width":692,"height":265,"caption":"Regio Augsburg Wirtschaft GmbH"},"image":{"@id":"https:\/\/www.region-a3.com\/en\/#\/schema\/logo\/image\/"},"sameAs":["https:\/\/www.facebook.com\/pages\/Regio-Augsburg-Wirtschaft-GmbH\/517310831654971","https:\/\/x.com\/ahoch3_augsburg","https:\/\/www.linkedin.com\/company\/regio-augsburg-wirtschaft-gmbh","https:\/\/www.youtube.com\/user\/RegionA3"]}]}},"publishpress_future_workflow_manual_trigger":{"enabledWorkflows":[]},"_links":{"self":[{"href":"https:\/\/www.region-a3.com\/en\/wp-json\/wp\/v2\/mediagallery\/119361","targetHints":{"allow":["GET"]}}],"collection":[{"href":"https:\/\/www.region-a3.com\/en\/wp-json\/wp\/v2\/mediagallery"}],"about":[{"href":"https:\/\/www.region-a3.com\/en\/wp-json\/wp\/v2\/types\/mediagallery"}],"wp:attachment":[{"href":"https:\/\/www.region-a3.com\/en\/wp-json\/wp\/v2\/media?parent=119361"}],"wp:term":[{"taxonomy":"gallery_name","embeddable":true,"href":"https:\/\/www.region-a3.com\/en\/wp-json\/wp\/v2\/gallery_name?post=119361"},{"taxonomy":"mediagallerien_category","embeddable":true,"href":"https:\/\/www.region-a3.com\/en\/wp-json\/wp\/v2\/mediagallerien_category?post=119361"},{"taxonomy":"mediengallerie_tag","embeddable":true,"href":"https:\/\/www.region-a3.com\/en\/wp-json\/wp\/v2\/mediengallerie_tag?post=119361"},{"taxonomy":"mediagallery_cat","embeddable":true,"href":"https:\/\/www.region-a3.com\/en\/wp-json\/wp\/v2\/mediagallery_cat?post=119361"}],"curies":[{"name":"wp","href":"https:\/\/api.w.org\/{rel}","templated":true}]}}