{"id":239682,"date":"2025-07-23T11:33:36","date_gmt":"2025-07-23T09:33:36","guid":{"rendered":"https:\/\/www.region-a3.com\/?post_type=mediagallery&#038;p=239682"},"modified":"2025-07-23T11:39:58","modified_gmt":"2025-07-23T09:39:58","slug":"a3-immobilienkongress-2025-statements-von-steffen-kercher-gabrielle-seidenspinner-und-prof-dr-med-klaus-markstaller","status":"publish","type":"mediagallery","link":"https:\/\/www.region-a3.com\/en\/galerie\/a3-immobilienkongress-2025-statements-von-steffen-kercher-gabrielle-seidenspinner-und-prof-dr-med-klaus-markstaller\/","title":{"rendered":"A\u00b3 Immobilienkongress 2025 Statements von Steffen Kercher, Gabrielle Seidenspinner, Prof. Klaus Markstaller, Frank Lattke und Andr\u00e9 Begg von Albensberg"},"content":{"rendered":"<p>Steffen Kercher wurde gefragt:<br \/>\nWie wird die Stadt Augsburg das Bauen einfacher machen angesichts der Ank\u00fcndigungen der Bundesregierung?<\/p>\n<p>Gabrielle Seidenspinner wurde gefragt:<br \/>\nAls Mitglied im A\u00b3 Kernteam Immobilien stehen Sie im regen Austausch mit Vertretern von Politik und Verwaltung und folgen sicherlich mit kritischem Blick den Vortr\u00e4gen und Gespr\u00e4chen. An welcher thematischen Schnittstelle m\u00fcssen aus Ihrer Sicht die Branche und Politik jetzt gemeinsam den Anker einholen, um der Immobilienwirtschaft wieder Wind in die Segel zu treiben?<\/p>\n<p>Prof. Dr. med. Klaus Markstaller wurde gefragt:<br \/>\nADas Universit\u00e4tsklinikum ist in der Transformation. Sie begleiten diese Mammutaufgabe und haben dabei nicht weniger im Fokus als: den Neubau, die Sicherheitskultur der Medizin und die Vernetzung mit der regionalen Wirtschaft. Welchen Beitrag erhoffen Sie sich dabei von der regionalen Immobilienwirtschaft?<\/p>\n<p>Prof. Dipl.-Ing. Frank Lattke wurde gefragt:<br \/>\nMit Ihrem genossenschaftlichen Projekt im Sheridanpark zeigen Sie auf dem Kongress ein Beispiel f\u00fcr nachhaltiges Bauen mit Holz. Das Bauen mit dem Werkstoff Holz ist Ihnen als F\u00fcrsprecher auch als Mitglied im A\u00b3 Netzwerk Holzbau ein gro\u00dfes Anliegen. Wie kann Holz den Spagat schaffen zwischen Nachhaltigkeit, Effizienz und v.a. Bezahlbarkeit?<\/p>\n<p>Andr\u00e9 Begg von Albensberg wurde gefragt:<br \/>\nSie denken Sanieren und Bauen konsequent neu \u2013 mit innovativen L\u00f6sungen f\u00fcr die Bauwirtschaft der Zukunft. Im Technologiezentrum Augsburg starten Sie jetzt als Startup in der Region Augsburg durch: minimalinvasiv, seriell und vorgefertigt. Wie sehen Sie mit ihrer smarten Energiefassade ihre Chancen f\u00fcr die Region Augsburg die Herausforderungen der Zukunft zu meistern?<\/p>\n","protected":false},"excerpt":{"rendered":"<p>Steffen Kercher wurde gefragt: Wie wird die Stadt Augsburg das Bauen einfacher machen angesichts der Ank\u00fcndigungen der Bundesregierung? Gabrielle Seidenspinner wurde gefragt: Als Mitglied im A\u00b3 Kernteam Immobilien stehen Sie im regen Austausch mit Vertretern von Politik und Verwaltung und folgen sicherlich mit kritischem Blick den Vortr\u00e4gen und Gespr\u00e4chen. An welcher thematischen Schnittstelle m\u00fcssen aus [&hellip;]<\/p>\n","protected":false},"featured_media":0,"template":"","meta":{"_acf_changed":false},"gallery_name":[336,599],"mediagallerien_category":[],"mediengallerie_tag":[598],"mediagallery_cat":[256],"class_list":["post-239682","mediagallery","type-mediagallery","status-publish","hentry","gallery_name-immobilien-und-standort","gallery_name-immobilienkongress-2025","mediengallerie_tag-immobilienkongress-2025","mediagallery_cat-video"],"acf":[],"yoast_head":"<!-- This site is optimized with the Yoast SEO plugin v27.5 - https:\/\/yoast.com\/product\/yoast-seo-wordpress\/ -->\n<title>A\u00b3 Immobilienkongress 2025 Statements von Steffen Kercher, Gabrielle Seidenspinner, Prof. Klaus Markstaller, Frank Lattke und Andr\u00e9 Begg von Albensberg &#187; A\u00b3<\/title>\n<meta name=\"robots\" content=\"index, follow, max-snippet:-1, max-image-preview:large, max-video-preview:-1\" \/>\n<link rel=\"canonical\" href=\"https:\/\/www.region-a3.com\/en\/galerie\/a3-immobilienkongress-2025-statements-von-steffen-kercher-gabrielle-seidenspinner-und-prof-dr-med-klaus-markstaller\/\" \/>\n<meta property=\"og:locale\" content=\"en_US\" \/>\n<meta property=\"og:type\" content=\"article\" \/>\n<meta property=\"og:title\" content=\"A\u00b3 Immobilienkongress 2025 Statements von Steffen Kercher, Gabrielle Seidenspinner, Prof. Klaus Markstaller, Frank Lattke und Andr\u00e9 Begg von Albensberg &#187; A\u00b3\" \/>\n<meta property=\"og:description\" content=\"Steffen Kercher wurde gefragt: Wie wird die Stadt Augsburg das Bauen einfacher machen angesichts der Ank\u00fcndigungen der Bundesregierung? Gabrielle Seidenspinner wurde gefragt: Als Mitglied im A\u00b3 Kernteam Immobilien stehen Sie im regen Austausch mit Vertretern von Politik und Verwaltung und folgen sicherlich mit kritischem Blick den Vortr\u00e4gen und Gespr\u00e4chen. An welcher thematischen Schnittstelle m\u00fcssen aus [&hellip;]\" \/>\n<meta property=\"og:url\" content=\"https:\/\/www.region-a3.com\/en\/galerie\/a3-immobilienkongress-2025-statements-von-steffen-kercher-gabrielle-seidenspinner-und-prof-dr-med-klaus-markstaller\/\" \/>\n<meta property=\"og:site_name\" content=\"A\u00b3\" \/>\n<meta property=\"article:publisher\" content=\"https:\/\/www.facebook.com\/pages\/Regio-Augsburg-Wirtschaft-GmbH\/517310831654971\" \/>\n<meta property=\"article:modified_time\" content=\"2025-07-23T09:39:58+00:00\" \/>\n<meta property=\"og:image\" content=\"https:\/\/www.region-a3.com\/wp-content\/uploads\/2021\/02\/A3-favicon_192x192px.png\" \/>\n\t<meta property=\"og:image:width\" content=\"192\" \/>\n\t<meta property=\"og:image:height\" content=\"192\" \/>\n\t<meta property=\"og:image:type\" content=\"image\/png\" \/>\n<meta name=\"twitter:card\" content=\"summary_large_image\" \/>\n<meta name=\"twitter:site\" content=\"@ahoch3_augsburg\" \/>\n<meta name=\"twitter:label1\" content=\"Est. reading time\" \/>\n\t<meta name=\"twitter:data1\" content=\"2 minutes\" \/>\n<script type=\"application\/ld+json\" class=\"yoast-schema-graph\">{\"@context\":\"https:\\\/\\\/schema.org\",\"@graph\":[{\"@type\":\"WebPage\",\"@id\":\"https:\\\/\\\/www.region-a3.com\\\/en\\\/galerie\\\/a3-immobilienkongress-2025-statements-von-steffen-kercher-gabrielle-seidenspinner-und-prof-dr-med-klaus-markstaller\\\/\",\"url\":\"https:\\\/\\\/www.region-a3.com\\\/en\\\/galerie\\\/a3-immobilienkongress-2025-statements-von-steffen-kercher-gabrielle-seidenspinner-und-prof-dr-med-klaus-markstaller\\\/\",\"name\":\"A\u00b3 Immobilienkongress 2025 Statements von Steffen Kercher, Gabrielle Seidenspinner, Prof. Klaus Markstaller, Frank Lattke und Andr\u00e9 Begg von Albensberg &#187; A\u00b3\",\"isPartOf\":{\"@id\":\"https:\\\/\\\/www.region-a3.com\\\/en\\\/#website\"},\"datePublished\":\"2025-07-23T09:33:36+00:00\",\"dateModified\":\"2025-07-23T09:39:58+00:00\",\"breadcrumb\":{\"@id\":\"https:\\\/\\\/www.region-a3.com\\\/en\\\/galerie\\\/a3-immobilienkongress-2025-statements-von-steffen-kercher-gabrielle-seidenspinner-und-prof-dr-med-klaus-markstaller\\\/#breadcrumb\"},\"inLanguage\":\"en-US\",\"potentialAction\":[{\"@type\":\"ReadAction\",\"target\":[\"https:\\\/\\\/www.region-a3.com\\\/en\\\/galerie\\\/a3-immobilienkongress-2025-statements-von-steffen-kercher-gabrielle-seidenspinner-und-prof-dr-med-klaus-markstaller\\\/\"]}]},{\"@type\":\"BreadcrumbList\",\"@id\":\"https:\\\/\\\/www.region-a3.com\\\/en\\\/galerie\\\/a3-immobilienkongress-2025-statements-von-steffen-kercher-gabrielle-seidenspinner-und-prof-dr-med-klaus-markstaller\\\/#breadcrumb\",\"itemListElement\":[{\"@type\":\"ListItem\",\"position\":1,\"name\":\"Mediengallerien\",\"item\":\"https:\\\/\\\/www.region-a3.com\\\/en\\\/galerie\\\/\"},{\"@type\":\"ListItem\",\"position\":2,\"name\":\"A\u00b3 Immobilienkongress 2025 Statements von Steffen Kercher, Gabrielle Seidenspinner, Prof. Klaus Markstaller, Frank Lattke und Andr\u00e9 Begg von Albensberg\"}]},{\"@type\":\"WebSite\",\"@id\":\"https:\\\/\\\/www.region-a3.com\\\/en\\\/#website\",\"url\":\"https:\\\/\\\/www.region-a3.com\\\/en\\\/\",\"name\":\"A\u00b3\",\"description\":\"Website der Regio Augsburg Wirtschaft GmbH\",\"publisher\":{\"@id\":\"https:\\\/\\\/www.region-a3.com\\\/en\\\/#organization\"},\"potentialAction\":[{\"@type\":\"SearchAction\",\"target\":{\"@type\":\"EntryPoint\",\"urlTemplate\":\"https:\\\/\\\/www.region-a3.com\\\/en\\\/?s={search_term_string}\"},\"query-input\":{\"@type\":\"PropertyValueSpecification\",\"valueRequired\":true,\"valueName\":\"search_term_string\"}}],\"inLanguage\":\"en-US\"},{\"@type\":\"Organization\",\"@id\":\"https:\\\/\\\/www.region-a3.com\\\/en\\\/#organization\",\"name\":\"Regio Augsburg Wirtschaft GmbH\",\"url\":\"https:\\\/\\\/www.region-a3.com\\\/en\\\/\",\"logo\":{\"@type\":\"ImageObject\",\"inLanguage\":\"en-US\",\"@id\":\"https:\\\/\\\/www.region-a3.com\\\/en\\\/#\\\/schema\\\/logo\\\/image\\\/\",\"url\":\"https:\\\/\\\/www.region-a3.com\\\/wp-content\\\/uploads\\\/2020\\\/11\\\/A3-Regio_Augsburg_Wirtschaft-Logo-rgb.jpg\",\"contentUrl\":\"https:\\\/\\\/www.region-a3.com\\\/wp-content\\\/uploads\\\/2020\\\/11\\\/A3-Regio_Augsburg_Wirtschaft-Logo-rgb.jpg\",\"width\":692,\"height\":265,\"caption\":\"Regio Augsburg Wirtschaft GmbH\"},\"image\":{\"@id\":\"https:\\\/\\\/www.region-a3.com\\\/en\\\/#\\\/schema\\\/logo\\\/image\\\/\"},\"sameAs\":[\"https:\\\/\\\/www.facebook.com\\\/pages\\\/Regio-Augsburg-Wirtschaft-GmbH\\\/517310831654971\",\"https:\\\/\\\/x.com\\\/ahoch3_augsburg\",\"https:\\\/\\\/www.linkedin.com\\\/company\\\/regio-augsburg-wirtschaft-gmbh\",\"https:\\\/\\\/www.youtube.com\\\/user\\\/RegionA3\"]}]}<\/script>\n<!-- \/ Yoast SEO plugin. -->","yoast_head_json":{"title":"A\u00b3 Immobilienkongress 2025 Statements von Steffen Kercher, Gabrielle Seidenspinner, Prof. Klaus Markstaller, Frank Lattke und Andr\u00e9 Begg von Albensberg &#187; A\u00b3","robots":{"index":"index","follow":"follow","max-snippet":"max-snippet:-1","max-image-preview":"max-image-preview:large","max-video-preview":"max-video-preview:-1"},"canonical":"https:\/\/www.region-a3.com\/en\/galerie\/a3-immobilienkongress-2025-statements-von-steffen-kercher-gabrielle-seidenspinner-und-prof-dr-med-klaus-markstaller\/","og_locale":"en_US","og_type":"article","og_title":"A\u00b3 Immobilienkongress 2025 Statements von Steffen Kercher, Gabrielle Seidenspinner, Prof. Klaus Markstaller, Frank Lattke und Andr\u00e9 Begg von Albensberg &#187; A\u00b3","og_description":"Steffen Kercher wurde gefragt: Wie wird die Stadt Augsburg das Bauen einfacher machen angesichts der Ank\u00fcndigungen der Bundesregierung? Gabrielle Seidenspinner wurde gefragt: Als Mitglied im A\u00b3 Kernteam Immobilien stehen Sie im regen Austausch mit Vertretern von Politik und Verwaltung und folgen sicherlich mit kritischem Blick den Vortr\u00e4gen und Gespr\u00e4chen. An welcher thematischen Schnittstelle m\u00fcssen aus [&hellip;]","og_url":"https:\/\/www.region-a3.com\/en\/galerie\/a3-immobilienkongress-2025-statements-von-steffen-kercher-gabrielle-seidenspinner-und-prof-dr-med-klaus-markstaller\/","og_site_name":"A\u00b3","article_publisher":"https:\/\/www.facebook.com\/pages\/Regio-Augsburg-Wirtschaft-GmbH\/517310831654971","article_modified_time":"2025-07-23T09:39:58+00:00","og_image":[{"width":192,"height":192,"url":"https:\/\/www.region-a3.com\/wp-content\/uploads\/2021\/02\/A3-favicon_192x192px.png","type":"image\/png"}],"twitter_card":"summary_large_image","twitter_site":"@ahoch3_augsburg","twitter_misc":{"Est. reading time":"2 minutes"},"schema":{"@context":"https:\/\/schema.org","@graph":[{"@type":"WebPage","@id":"https:\/\/www.region-a3.com\/en\/galerie\/a3-immobilienkongress-2025-statements-von-steffen-kercher-gabrielle-seidenspinner-und-prof-dr-med-klaus-markstaller\/","url":"https:\/\/www.region-a3.com\/en\/galerie\/a3-immobilienkongress-2025-statements-von-steffen-kercher-gabrielle-seidenspinner-und-prof-dr-med-klaus-markstaller\/","name":"A\u00b3 Immobilienkongress 2025 Statements von Steffen Kercher, Gabrielle Seidenspinner, Prof. Klaus Markstaller, Frank Lattke und Andr\u00e9 Begg von Albensberg &#187; A\u00b3","isPartOf":{"@id":"https:\/\/www.region-a3.com\/en\/#website"},"datePublished":"2025-07-23T09:33:36+00:00","dateModified":"2025-07-23T09:39:58+00:00","breadcrumb":{"@id":"https:\/\/www.region-a3.com\/en\/galerie\/a3-immobilienkongress-2025-statements-von-steffen-kercher-gabrielle-seidenspinner-und-prof-dr-med-klaus-markstaller\/#breadcrumb"},"inLanguage":"en-US","potentialAction":[{"@type":"ReadAction","target":["https:\/\/www.region-a3.com\/en\/galerie\/a3-immobilienkongress-2025-statements-von-steffen-kercher-gabrielle-seidenspinner-und-prof-dr-med-klaus-markstaller\/"]}]},{"@type":"BreadcrumbList","@id":"https:\/\/www.region-a3.com\/en\/galerie\/a3-immobilienkongress-2025-statements-von-steffen-kercher-gabrielle-seidenspinner-und-prof-dr-med-klaus-markstaller\/#breadcrumb","itemListElement":[{"@type":"ListItem","position":1,"name":"Mediengallerien","item":"https:\/\/www.region-a3.com\/en\/galerie\/"},{"@type":"ListItem","position":2,"name":"A\u00b3 Immobilienkongress 2025 Statements von Steffen Kercher, Gabrielle Seidenspinner, Prof. Klaus Markstaller, Frank Lattke und Andr\u00e9 Begg von Albensberg"}]},{"@type":"WebSite","@id":"https:\/\/www.region-a3.com\/en\/#website","url":"https:\/\/www.region-a3.com\/en\/","name":"A\u00b3","description":"Website der Regio Augsburg Wirtschaft GmbH","publisher":{"@id":"https:\/\/www.region-a3.com\/en\/#organization"},"potentialAction":[{"@type":"SearchAction","target":{"@type":"EntryPoint","urlTemplate":"https:\/\/www.region-a3.com\/en\/?s={search_term_string}"},"query-input":{"@type":"PropertyValueSpecification","valueRequired":true,"valueName":"search_term_string"}}],"inLanguage":"en-US"},{"@type":"Organization","@id":"https:\/\/www.region-a3.com\/en\/#organization","name":"Regio Augsburg Wirtschaft GmbH","url":"https:\/\/www.region-a3.com\/en\/","logo":{"@type":"ImageObject","inLanguage":"en-US","@id":"https:\/\/www.region-a3.com\/en\/#\/schema\/logo\/image\/","url":"https:\/\/www.region-a3.com\/wp-content\/uploads\/2020\/11\/A3-Regio_Augsburg_Wirtschaft-Logo-rgb.jpg","contentUrl":"https:\/\/www.region-a3.com\/wp-content\/uploads\/2020\/11\/A3-Regio_Augsburg_Wirtschaft-Logo-rgb.jpg","width":692,"height":265,"caption":"Regio Augsburg Wirtschaft GmbH"},"image":{"@id":"https:\/\/www.region-a3.com\/en\/#\/schema\/logo\/image\/"},"sameAs":["https:\/\/www.facebook.com\/pages\/Regio-Augsburg-Wirtschaft-GmbH\/517310831654971","https:\/\/x.com\/ahoch3_augsburg","https:\/\/www.linkedin.com\/company\/regio-augsburg-wirtschaft-gmbh","https:\/\/www.youtube.com\/user\/RegionA3"]}]}},"publishpress_future_workflow_manual_trigger":{"enabledWorkflows":[]},"_links":{"self":[{"href":"https:\/\/www.region-a3.com\/en\/wp-json\/wp\/v2\/mediagallery\/239682","targetHints":{"allow":["GET"]}}],"collection":[{"href":"https:\/\/www.region-a3.com\/en\/wp-json\/wp\/v2\/mediagallery"}],"about":[{"href":"https:\/\/www.region-a3.com\/en\/wp-json\/wp\/v2\/types\/mediagallery"}],"wp:attachment":[{"href":"https:\/\/www.region-a3.com\/en\/wp-json\/wp\/v2\/media?parent=239682"}],"wp:term":[{"taxonomy":"gallery_name","embeddable":true,"href":"https:\/\/www.region-a3.com\/en\/wp-json\/wp\/v2\/gallery_name?post=239682"},{"taxonomy":"mediagallerien_category","embeddable":true,"href":"https:\/\/www.region-a3.com\/en\/wp-json\/wp\/v2\/mediagallerien_category?post=239682"},{"taxonomy":"mediengallerie_tag","embeddable":true,"href":"https:\/\/www.region-a3.com\/en\/wp-json\/wp\/v2\/mediengallerie_tag?post=239682"},{"taxonomy":"mediagallery_cat","embeddable":true,"href":"https:\/\/www.region-a3.com\/en\/wp-json\/wp\/v2\/mediagallery_cat?post=239682"}],"curies":[{"name":"wp","href":"https:\/\/api.w.org\/{rel}","templated":true}]}}