{"id":237587,"date":"2021-01-20T17:39:23","date_gmt":"2021-01-20T16:39:23","guid":{"rendered":"https:\/\/www.region-a3.com\/?page_id=237587"},"modified":"2025-06-26T13:28:17","modified_gmt":"2025-06-26T11:28:17","slug":"sucess-stories","status":"publish","type":"page","link":"https:\/\/www.region-a3.com\/en\/sucess-stories\/","title":{"rendered":"Sucess Stories"},"content":{"rendered":"\t\t<div data-elementor-type=\"wp-page\" data-elementor-id=\"237587\" class=\"elementor elementor-237587 elementor-16854\" data-elementor-post-type=\"page\">\n\t\t\t\t\t\t<section class=\"elementor-section elementor-top-section elementor-element elementor-element-d876861 elementor-section-boxed elementor-section-height-default elementor-section-height-default\" data-id=\"d876861\" data-element_type=\"section\" data-e-type=\"section\">\n\t\t\t\t\t\t<div class=\"elementor-container elementor-column-gap-default\">\n\t\t\t\t\t<div class=\"elementor-column elementor-col-100 elementor-top-column elementor-element elementor-element-8d1f5a5\" data-id=\"8d1f5a5\" data-element_type=\"column\" data-e-type=\"column\">\n\t\t\t<div class=\"elementor-widget-wrap elementor-element-populated\">\n\t\t\t\t\t\t<div class=\"elementor-element elementor-element-c738835 elementor-widget elementor-widget-a3-teaser\" data-id=\"c738835\" data-element_type=\"widget\" data-e-type=\"widget\" data-widget_type=\"a3-teaser.default\">\n\t\t\t\t<div class=\"elementor-widget-container\">\n\t\t\t\t\t\n\n<!-- Widget Start -->\n\n\n<div class=\"widget widget-orange\">\n    <div class=\"widget-content media-teaser  media-teaser-slider-multible-slides media-teaser-slider\">\n\n                    \n            <div class=\"media-teaser-slide bg-orange\">\n                <div class=\"media-teaser-background\"  style=\"background-image:url(https:\/\/www.region-a3.com\/wp-content\/uploads\/2021\/11\/0007-07950-Wolfzahnau_skaliert.jpg);background-position:center left\" data-debug='{\"url\":\"https:\\\/\\\/www.region-a3.com\\\/wp-content\\\/uploads\\\/2021\\\/11\\\/0007-07950-Wolfzahnau_skaliert.jpg\",\"id\":69610,\"size\":\"\",\"alt\":\"Blick aufs Wasser an der Wolfzahnau\",\"source\":\"library\"}' alt=\"At the Wolfzahnau in the north of Augsburg\" role=\"img\" aria-label=\"Blick aufs Wasser an der Wolfzahnau\" data-copyright=\"\u00a9 Regio Augsburg Wirtschaft GmH \/ Christian Strohmayr\" width=\"150\" height=\"100\">\n\n                                            <svg xmlns=\"http:\/\/www.w3.org\/2000\/svg\" viewBox=\"0 0 289.41 458.33\">\n                            <g>\n                                                                    <path fill=\"#eb6502\" d=\"M238.67,162l-65.5,40.88V121.12Z\" \/>\n                                                                    <path fill=\"#eb6502\" d=\"M236.45,81.29,109.61,162.58V0Z\" \/>\n                                                                    <path fill=\"#eb6502\" d=\"M0,458.33,289.41,275.61,0,92.89Z\" \/>\n                                                            <\/g>\n                        <\/svg>\n\n                    \n                <\/div>\n                <div class=\"media-teaser-content\">\n                    <div class=\"container\">\n                        <div class=\"row\">\n                            <div class=\"media-teaser-content-box col-12 col-lg-5 offset-lg-7 col-xl-4 offset-xl-8\" title=\"\">\n                                                                                                                                    <div class=\"media-teaser-content-box-wrapper\" style=\"\">\n                                        <h1 class=\"h1  mb-4\">\n        <span class=\"h4\">Location with a sustainable perspective<\/span>\n        <span style=\"display:none\">\u2013<\/span>\n        Successes that are unique in their sum.\n    <\/h1>\n\n                                    <div class=\"media-teaser-content-box-text\">\n                                        <p>Read exciting and informative stories about what makes the region so unique. From innovative companies and successful collaborations to unique places - you will be surprised at what the region has to offer.<\/p>                                    <\/div>\n                                                                    <\/div>\n                            <\/div>\n                        <\/div>\n                    <\/div>\n                <\/div>\n            <\/div>\n                    \n            <div class=\"media-teaser-slide bg-orange\">\n                <div class=\"media-teaser-background\"  style=\"background-image:url(https:\/\/www.region-a3.com\/wp-content\/uploads\/2021\/02\/BMK-electronic-services-4.jpg);background-position:center\" data-debug='{\"url\":\"https:\\\/\\\/www.region-a3.com\\\/wp-content\\\/uploads\\\/2021\\\/02\\\/BMK-electronic-services-4.jpg\",\"id\":27830,\"size\":\"\",\"alt\":\"\",\"source\":\"library\"}' alt=\"Electronics repairs\" role=\"img\" aria-label=\"Electronics repairs\" data-copyright=\"\u00a9 BMK electronic services GmbH\" width=\"150\" height=\"100\">\n\n                                            <svg xmlns=\"http:\/\/www.w3.org\/2000\/svg\" viewBox=\"0 0 289.41 458.33\">\n                            <g>\n                                                                    <path fill=\"#eb6502\" d=\"M238.67,162l-65.5,40.88V121.12Z\" \/>\n                                                                    <path fill=\"#eb6502\" d=\"M236.45,81.29,109.61,162.58V0Z\" \/>\n                                                                    <path fill=\"#eb6502\" d=\"M0,458.33,289.41,275.61,0,92.89Z\" \/>\n                                                            <\/g>\n                        <\/svg>\n\n                    \n                <\/div>\n                <div class=\"media-teaser-content\">\n                    <div class=\"container\">\n                        <div class=\"row\">\n                            <div class=\"media-teaser-content-box col-12 col-lg-5 offset-lg-7 col-xl-4 offset-xl-8\" title=\"\">\n                                                                                                                                    <div class=\"media-teaser-content-box-wrapper\" style=\"\">\n                                        <h2 class=\"h1  mb-4\">\n        <span class=\"h4\">Location with a sustainable perspective<\/span>\n        <span style=\"display:none\">\u2013<\/span>\n        Successes that are unique in their sum.\n    <\/h2>\n\n                                    <div class=\"media-teaser-content-box-text\">\n                                        <p>Read exciting and informative stories about what makes the region so unique. From innovative companies and successful collaborations to unique places - you will be surprised at what the region has to offer.<\/p>                                    <\/div>\n                                                                    <\/div>\n                            <\/div>\n                        <\/div>\n                    <\/div>\n                <\/div>\n            <\/div>\n                    \n            <div class=\"media-teaser-slide bg-orange\">\n                <div class=\"media-teaser-background\"  style=\"background-image:url(https:\/\/www.region-a3.com\/wp-content\/uploads\/2021\/11\/0053-05072-TopStar_scaled.jpg);background-position:center\" data-debug='{\"url\":\"https:\\\/\\\/www.region-a3.com\\\/wp-content\\\/uploads\\\/2021\\\/11\\\/0053-05072-TopStar_scaled.jpg\",\"id\":69573,\"size\":\"\",\"alt\":\"Blick in die Produktionshallen von Topstar\",\"source\":\"library\"}' alt=\"In the TOPSTAR production halls\" role=\"img\" aria-label=\"Blick in die Produktionshallen von Topstar\" data-copyright=\"\u00a9 Regio Augsburg Wirtschaft GmbH \/ photographer Christian Strohmayr\" width=\"150\" height=\"100\">\n\n                                            <svg xmlns=\"http:\/\/www.w3.org\/2000\/svg\" viewBox=\"0 0 289.41 458.33\">\n                            <g>\n                                                                    <path fill=\"#eb6502\" d=\"M238.67,162l-65.5,40.88V121.12Z\" \/>\n                                                                    <path fill=\"#eb6502\" d=\"M236.45,81.29,109.61,162.58V0Z\" \/>\n                                                                    <path fill=\"#eb6502\" d=\"M0,458.33,289.41,275.61,0,92.89Z\" \/>\n                                                            <\/g>\n                        <\/svg>\n\n                    \n                <\/div>\n                <div class=\"media-teaser-content\">\n                    <div class=\"container\">\n                        <div class=\"row\">\n                            <div class=\"media-teaser-content-box col-12 col-lg-5 offset-lg-7 col-xl-4 offset-xl-8\" title=\"\">\n                                                                                                                                    <div class=\"media-teaser-content-box-wrapper\" style=\"\">\n                                        <h2 class=\"h1  mb-4\">\n        <span class=\"h4\">Location with a sustainable perspective<\/span>\n        <span style=\"display:none\">\u2013<\/span>\n        Successes that are unique in their sum.\n    <\/h2>\n\n                                    <div class=\"media-teaser-content-box-text\">\n                                        <p>Read exciting and informative stories about what makes the region so unique. From innovative companies and successful collaborations to unique places - you will be surprised at what the region has to offer.<\/p>                                    <\/div>\n                                                                    <\/div>\n                            <\/div>\n                        <\/div>\n                    <\/div>\n                <\/div>\n            <\/div>\n                    \n            <div class=\"media-teaser-slide bg-orange\">\n                <div class=\"media-teaser-background\"  style=\"background-image:url(https:\/\/www.region-a3.com\/wp-content\/uploads\/2021\/06\/BT-Biergarten-von-oben-scaled.jpg);background-position:center\" data-debug='{\"url\":\"https:\\\/\\\/www.region-a3.com\\\/wp-content\\\/uploads\\\/2021\\\/06\\\/BT-Biergarten-von-oben-scaled.jpg\",\"id\":48910,\"size\":\"\",\"alt\":\"Biergarten Schloss Blumenthal von oben\",\"source\":\"library\"}' alt=\"Beer garden in Blumenthal Castle\" role=\"img\" aria-label=\"Biergarten Schloss Blumenthal von oben\" width=\"150\" height=\"100\">\n\n                                            <svg xmlns=\"http:\/\/www.w3.org\/2000\/svg\" viewBox=\"0 0 289.41 458.33\">\n                            <g>\n                                                                    <path fill=\"#eb6502\" d=\"M238.67,162l-65.5,40.88V121.12Z\" \/>\n                                                                    <path fill=\"#eb6502\" d=\"M236.45,81.29,109.61,162.58V0Z\" \/>\n                                                                    <path fill=\"#eb6502\" d=\"M0,458.33,289.41,275.61,0,92.89Z\" \/>\n                                                            <\/g>\n                        <\/svg>\n\n                    \n                <\/div>\n                <div class=\"media-teaser-content\">\n                    <div class=\"container\">\n                        <div class=\"row\">\n                            <div class=\"media-teaser-content-box col-12 col-lg-5 offset-lg-7 col-xl-4 offset-xl-8\" title=\"\">\n                                                                                                                                    <div class=\"media-teaser-content-box-wrapper\" style=\"\">\n                                        <h2 class=\"h1  mb-4\">\n        <span class=\"h4\">Location with a sustainable perspective<\/span>\n        <span style=\"display:none\">\u2013<\/span>\n        Successes that are unique in their sum.\n    <\/h2>\n\n                                    <div class=\"media-teaser-content-box-text\">\n                                        <p>Read exciting and informative stories about what makes the region so unique. From innovative companies and successful collaborations to unique places - you will be surprised at what the region has to offer.<\/p>                                    <\/div>\n                                                                    <\/div>\n                            <\/div>\n                        <\/div>\n                    <\/div>\n                <\/div>\n            <\/div>\n                    \n            <div class=\"media-teaser-slide bg-orange\">\n                <div class=\"media-teaser-background\"  style=\"background-image:url(https:\/\/www.region-a3.com\/wp-content\/uploads\/2020\/07\/Riegele-Kessel@2x-scaled.jpg);background-position:center\" data-debug='{\"url\":\"https:\\\/\\\/www.region-a3.com\\\/wp-content\\\/uploads\\\/2020\\\/07\\\/Riegele-Kessel@2x-scaled.jpg\",\"id\":284,\"size\":\"\",\"alt\":\"\",\"source\":\"library\"}' alt=\"The brewhouse of the Riegele brewery\" role=\"img\" aria-label=\"The brewhouse of the Riegele brewery\" data-copyright=\"\u00a9 Riegele Brewery\" width=\"150\" height=\"84\">\n\n                                            <svg xmlns=\"http:\/\/www.w3.org\/2000\/svg\" viewBox=\"0 0 289.41 458.33\">\n                            <g>\n                                                                    <path fill=\"#eb6502\" d=\"M238.67,162l-65.5,40.88V121.12Z\" \/>\n                                                                    <path fill=\"#eb6502\" d=\"M236.45,81.29,109.61,162.58V0Z\" \/>\n                                                                    <path fill=\"#eb6502\" d=\"M0,458.33,289.41,275.61,0,92.89Z\" \/>\n                                                            <\/g>\n                        <\/svg>\n\n                    \n                <\/div>\n                <div class=\"media-teaser-content\">\n                    <div class=\"container\">\n                        <div class=\"row\">\n                            <div class=\"media-teaser-content-box col-12 col-lg-5 offset-lg-7 col-xl-4 offset-xl-8\" title=\"\">\n                                                                                                                                    <div class=\"media-teaser-content-box-wrapper\" style=\"\">\n                                        <h2 class=\"h1  mb-4\">\n        <span class=\"h4\">Location with a sustainable perspective<\/span>\n        <span style=\"display:none\">\u2013<\/span>\n        Successes that are unique in their sum.\n    <\/h2>\n\n                                    <div class=\"media-teaser-content-box-text\">\n                                        <p>Read exciting and informative stories about what makes the region so unique. From innovative companies and successful collaborations to unique places - you will be surprised at what the region has to offer.<\/p>                                    <\/div>\n                                                                    <\/div>\n                            <\/div>\n                        <\/div>\n                    <\/div>\n                <\/div>\n            <\/div>\n            <\/div>\n<\/div>\n\n<!-- Widget End -->\n\n\t\t\t\t<\/div>\n\t\t\t\t<\/div>\n\t\t\t\t<div class=\"elementor-element elementor-element-078943f elementor-widget elementor-widget-a3-archive\" data-id=\"078943f\" data-element_type=\"widget\" data-e-type=\"widget\" data-widget_type=\"a3-archive.default\">\n\t\t\t\t<div class=\"elementor-widget-container\">\n\t\t\t\t\t\n\n<!-- Widget Start -->\n\n\n\n\t\n                                <input type=\"hidden\" class=\"archive-hidden-all-tags-old-archive\" value=\"w-5b6bd3b4e938\">\n        <div id=\"w-5b6bd3b4e938\" class=\"archive-hidden-all-tags-old-archiv widget widget-orange mb-0 pb-0\">\n            <div class=\"widget-content\">\n                <div class=\"container  mb-4\">\n    <h2 class=\"h1  mb-4\">\n        <span class=\"h4\">Success Stories<\/span>\n        <span style=\"display:none\">\u2013<\/span>\n        From the region\n    <\/h2>\n<\/div>\n            <\/div>\n        <\/div>\n\n        \n\n        <!-- START OLD ARCHIV MODULE -->\n        <div class=\"widget widget-orange pt-0\">\n            <div class=\"widget-content\">\n                <div class=\"container\">\n                    <div class=\"row\">\n                                                                                                                        <div class=\"col-12 col-ms-6 col-sm-4 col-lg-3 mb-4 mt-2\">\n                                        <div class=\"media-card widget-\">\n                                            <div class=\"media-card-inner\">\n                                                <a href=\"https:\/\/www.region-a3.com\/en\/story\/221012\/\" type=\"button\"\n\t\t\t\t\t\t\t\t\t\t\ttitle=\"Gemeinde Langenneufnach im Landkreis Augsburg von oben\"\n\t\t\t\t\t\t\t\t\t\t\tclass=\"media-card-image\"\n\t\t\t\t\t\t\t\t\t\t\t style=\"background-image:url(https:\/\/www.region-a3.com\/wp-content\/uploads\/2021\/12\/0033-TopStar-Luft_skaliert-1050x700.jpg)\" data-debug='{\"url\":\"https:\\\/\\\/www.region-a3.com\\\/wp-content\\\/uploads\\\/2021\\\/12\\\/0033-TopStar-Luft_skaliert.jpg\",\"id\":\"73054\",\"alt\":\"Luftaufnahme der Gemeinde Langenneufnach im Landkreis Augsburg\",\"source\":\"library\",\"size\":\"\"}' alt=\"Municipality of Langenneufnach\" role=\"img\" aria-label=\"Luftaufnahme der Gemeinde Langenneufnach im Landkreis Augsburg\" data-copyright=\"\u00a9 A\u00b3 \/ Christian Strohmayr\" width=\"150\" height=\"100\"\n\t\t\t\t\t\t\t\t\t\t\ttarget=\"_blank\"\n\t\t\t\t\t\t\t\t\t\t\trole=\"img\" aria-label=\"Luftaufnahme der Gemeinde Langenneufnach im Landkreis Augsburg\">\n\t\t\t\t\t\t\t\t\t\t<\/a>                                                <div class=\"media-card-content\">\n                                                    <h3 class=\"h2\">\n                                                                                                                    <span class=\"h4 text-\">Success story: district augsburg and Aichach Friedberg <\/span>\n                                                            <span style=\"display:none\">\u2013<\/span>\n                                                                                                                The land of A\u00b3: Versatile and endearing                                                    <\/h3>\n                                                                                                                                                                                                            <\/div>\n                                            <\/div>\n                                        <\/div>\n                                    <\/div>\n                                \n\n                                \n\n                                \n\n                                \n                                \n\n                                                                                                <div class=\"col-12 col-ms-6 col-sm-4 col-lg-3 mb-4 mt-2\">\n                                        <div class=\"media-card widget-\">\n                                            <div class=\"media-card-inner\">\n                                                <a href=\"https:\/\/www.region-a3.com\/en\/story\/international-school-augsburg\/\" type=\"button\"\n\t\t\t\t\t\t\t\t\t\t\ttitle=\"International School Augsburg\"\n\t\t\t\t\t\t\t\t\t\t\tclass=\"media-card-image\"\n\t\t\t\t\t\t\t\t\t\t\t style=\"background-image:url(https:\/\/www.region-a3.com\/wp-content\/uploads\/2021\/02\/International-School-Augsburg-1050x700.jpg);background-size:contain;background-repeat:no-repeat\" data-debug='{\"url\":\"https:\\\/\\\/www.region-a3.com\\\/wp-content\\\/uploads\\\/2021\\\/02\\\/International-School-Augsburg.jpg\",\"id\":\"25106\",\"alt\":\"\",\"source\":\"library\",\"size\":\"\"}' alt=\"International School Augsburg\" title=\"Die International School in Augsburg\" role=\"img\" aria-label=\"International School Augsburg\" width=\"150\" height=\"100\"\n\t\t\t\t\t\t\t\t\t\t\ttarget=\"_blank\"\n\t\t\t\t\t\t\t\t\t\t\trole=\"img\" aria-label=\"\">\n\t\t\t\t\t\t\t\t\t\t<\/a>                                                <div class=\"media-card-content\">\n                                                    <h3 class=\"h2\">\n                                                                                                                    <span class=\"h4 text-\">Success story: International School Augsburg<\/span>\n                                                            <span style=\"display:none\">\u2013<\/span>\n                                                                                                                International location, international education                                                    <\/h3>\n                                                                                                                                                                                                            <\/div>\n                                            <\/div>\n                                        <\/div>\n                                    <\/div>\n                                \n\n                                \n\n                                \n\n                                \n                                \n\n                                                                                                <div class=\"col-12 col-ms-6 col-sm-4 col-lg-3 mb-4 mt-2\">\n                                        <div class=\"media-card widget-\">\n                                            <div class=\"media-card-inner\">\n                                                <a href=\"https:\/\/www.region-a3.com\/en\/story\/industrial-heritage-water\/\" type=\"button\"\n\t\t\t\t\t\t\t\t\t\t\ttitle=\"The Augsburg weir, a large dam on the Lech river\"\n\t\t\t\t\t\t\t\t\t\t\tclass=\"media-card-image\"\n\t\t\t\t\t\t\t\t\t\t\t style=\"background-image:url(https:\/\/www.region-a3.com\/wp-content\/uploads\/2021\/10\/BtdKM1zA-1050x787.jpeg)\" data-debug='{\"url\":\"https:\\\/\\\/www.region-a3.com\\\/wp-content\\\/uploads\\\/2021\\\/10\\\/BtdKM1zA.jpeg\",\"id\":\"66456\",\"alt\":\"Luftbild des Hochablass Augsburg, ein gro\\u00dfes Stauwehr im Lech\",\"source\":\"library\"}' alt=\"The hydropower plant at Hochablass, City of Augsburg\" role=\"img\" aria-label=\"Luftbild des Hochablass Augsburg, ein gro\u00dfes Stauwehr im Lech\" width=\"150\" height=\"112\"\n\t\t\t\t\t\t\t\t\t\t\ttarget=\"_blank\"\n\t\t\t\t\t\t\t\t\t\t\trole=\"img\" aria-label=\"Luftbild des Hochablass Augsburg, ein gro\u00dfes Stauwehr im Lech\">\n\t\t\t\t\t\t\t\t\t\t<\/a>                                                <div class=\"media-card-content\">\n                                                    <h3 class=\"h2\">\n                                                                                                                    <span class=\"h4 text-\">Success story: Industrial heritage Water<\/span>\n                                                            <span style=\"display:none\">\u2013<\/span>\n                                                                                                                Innovation. Progress. Water.                                                    <\/h3>\n                                                                                                                                                                                                            <\/div>\n                                            <\/div>\n                                        <\/div>\n                                    <\/div>\n                                \n\n                                \n\n                                \n\n                                \n                                \n\n                                                                                                <div class=\"col-12 col-ms-6 col-sm-4 col-lg-3 mb-4 mt-2\">\n                                        <div class=\"media-card widget-\">\n                                            <div class=\"media-card-inner\">\n                                                <a href=\"https:\/\/www.region-a3.com\/en\/story\/augsburg-innovationpark-a-mammoth-project-with-vision\/\" type=\"button\"\n\t\t\t\t\t\t\t\t\t\t\ttitle=\"Das Technologiezentrum am Augsburg Innovationspark\"\n\t\t\t\t\t\t\t\t\t\t\tclass=\"media-card-image\"\n\t\t\t\t\t\t\t\t\t\t\t style=\"background-image:url(https:\/\/www.region-a3.com\/wp-content\/uploads\/2020\/08\/20181018_Innovationspark_Geb\u00e4ude-TZA_Eingang_Logo_Katrin-Beppler_Regio-Augsburg-Wirtschaft-18-1050x700.jpg)\" data-debug='{\"url\":\"https:\\\/\\\/www.region-a3.com\\\/wp-content\\\/uploads\\\/2020\\\/08\\\/20181018_Innovationspark_Geb\\u00e4ude-TZA_Eingang_Logo_Katrin-Beppler_Regio-Augsburg-Wirtschaft-18-scaled.jpg\",\"id\":\"828\",\"alt\":\"Geb\\u00e4ude des Technologiezentrums Augsburg am Augsburg Innovationspark\",\"source\":\"library\",\"size\":\"\"}' alt=\"The Technology Centre at Augsburg Innovation Park\" role=\"img\" aria-label=\"Geb\u00e4ude des Technologiezentrums Augsburg am Augsburg Innovationspark\" data-copyright=\"\u00a9 Regio Augsburg Wirtschaft GmbH\" width=\"150\" height=\"100\"\n\t\t\t\t\t\t\t\t\t\t\ttarget=\"_blank\"\n\t\t\t\t\t\t\t\t\t\t\trole=\"img\" aria-label=\"Geb\u00e4ude des Technologiezentrums Augsburg am Augsburg Innovationspark\">\n\t\t\t\t\t\t\t\t\t\t<\/a>                                                <div class=\"media-card-content\">\n                                                    <h3 class=\"h2\">\n                                                                                                                    <span class=\"h4 text-\">Success story: Augsburg Innovation Park<\/span>\n                                                            <span style=\"display:none\">\u2013<\/span>\n                                                                                                                Mammoth project with vision                                                    <\/h3>\n                                                                                                                                                                                                            <\/div>\n                                            <\/div>\n                                        <\/div>\n                                    <\/div>\n                                \n\n                                \n\n                                \n\n                                \n                                \n\n                                                                                                <div class=\"col-12 col-ms-6 col-sm-4 col-lg-3 mb-4 mt-2\">\n                                        <div class=\"media-card widget-\">\n                                            <div class=\"media-card-inner\">\n                                                <a href=\"https:\/\/www.region-a3.com\/en\/story\/integration-on-the-labour-market\/\" type=\"button\"\n\t\t\t\t\t\t\t\t\t\t\ttitle=\"Sprachcaf\u00e9 bei T\u00fcr an T\u00fcr\"\n\t\t\t\t\t\t\t\t\t\t\tclass=\"media-card-image\"\n\t\t\t\t\t\t\t\t\t\t\t style=\"background-image:url(https:\/\/www.region-a3.com\/wp-content\/uploads\/2022\/06\/CaffeTuerzuTuer_Szene3_Austausch-1050x591.jpg);background-size:contain;background-repeat:no-repeat\" data-debug='{\"url\":\"https:\\\/\\\/www.region-a3.com\\\/wp-content\\\/uploads\\\/2022\\\/06\\\/CaffeTuerzuTuer_Szene3_Austausch.jpg\",\"id\":\"93467\",\"alt\":\"\",\"source\":\"library\",\"size\":\"\"}' alt=\"Language caf\u00e9 at T\u00fcr an T\u00fcr\" role=\"img\" aria-label=\"Sprachcafe\" width=\"150\" height=\"84\"\n\t\t\t\t\t\t\t\t\t\t\ttarget=\"_blank\"\n\t\t\t\t\t\t\t\t\t\t\trole=\"img\" aria-label=\"Sprachcafe\">\n\t\t\t\t\t\t\t\t\t\t<\/a>                                                <div class=\"media-card-content\">\n                                                    <h3 class=\"h2\">\n                                                                                                                    <span class=\"h4 text-\">Success story: integration in the labour market <\/span>\n                                                            <span style=\"display:none\">\u2013<\/span>\n                                                                                                                We are international \u2013 Integration in the labour market                                                    <\/h3>\n                                                                                                                                                                                                            <\/div>\n                                            <\/div>\n                                        <\/div>\n                                    <\/div>\n                                \n\n                                \n\n                                \n\n                                \n                                \n\n                                                                                                <div class=\"col-12 col-ms-6 col-sm-4 col-lg-3 mb-4 mt-2\">\n                                        <div class=\"media-card widget-\">\n                                            <div class=\"media-card-inner\">\n                                                <a href=\"https:\/\/www.region-a3.com\/en\/story\/real-estate-industry-networked\/\" type=\"button\"\n\t\t\t\t\t\t\t\t\t\t\ttitle=\"A\u00b3 Real Estate Congress at tim, 2013\"\n\t\t\t\t\t\t\t\t\t\t\tclass=\"media-card-image\"\n\t\t\t\t\t\t\t\t\t\t\t style=\"background-image:url(https:\/\/www.region-a3.com\/wp-content\/uploads\/2020\/10\/Aktivkreis-Immoilien_Networking-auf-dem-Immobilienkongress_Thorsten-Franzisi-Fotomondaen_2013-1050x653.jpg)\" data-debug='{\"url\":\"https:\\\/\\\/www.region-a3.com\\\/wp-content\\\/uploads\\\/2020\\\/10\\\/Aktivkreis-Immoilien_Networking-auf-dem-Immobilienkongress_Thorsten-Franzisi-Fotomondaen_2013.jpg\",\"id\":\"5955\",\"alt\":\"\",\"source\":\"library\",\"size\":\"\"}' title=\"Vertreter des Aktivkreises Immobilien betreiben Networking auf dem A\u00b3 Immobilienkongress 2013 im tim\" data-copyright=\"\u00a9 Regio Augsburg Wirtschaft GmbH \/ Photografer Thorsten Franzisi Fotomond\u00e4n\" width=\"150\" height=\"93\"\n\t\t\t\t\t\t\t\t\t\t\ttarget=\"_blank\"\n\t\t\t\t\t\t\t\t\t\t\trole=\"img\" aria-label=\"\">\n\t\t\t\t\t\t\t\t\t\t<\/a>                                                <div class=\"media-card-content\">\n                                                    <h3 class=\"h2\">\n                                                                                                                    <span class=\"h4 text-\">Success story: A\u00b3 Real Estate Action Group<\/span>\n                                                            <span style=\"display:none\">\u2013<\/span>\n                                                                                                                Real estate industry networked                                                    <\/h3>\n                                                                                                                                                                                                            <\/div>\n                                            <\/div>\n                                        <\/div>\n                                    <\/div>\n                                \n\n                                \n\n                                \n\n                                \n                                \n\n                                                                                                <div class=\"col-12 col-ms-6 col-sm-4 col-lg-3 mb-4 mt-2\">\n                                        <div class=\"media-card widget-\">\n                                            <div class=\"media-card-inner\">\n                                                <a href=\"https:\/\/www.region-a3.com\/en\/story\/international-clubs-and-partnerships\/\" type=\"button\"\n\t\t\t\t\t\t\t\t\t\t\ttitle=\"Portrait von Hasare Demir\"\n\t\t\t\t\t\t\t\t\t\t\tclass=\"media-card-image\"\n\t\t\t\t\t\t\t\t\t\t\t style=\"background-image:url(https:\/\/www.region-a3.com\/wp-content\/uploads\/2022\/08\/Augsburger_Hohes-Friedensfest_Portrait-Hasare-Demir-2-1050x788.jpg)\" data-debug='{\"url\":\"https:\\\/\\\/www.region-a3.com\\\/wp-content\\\/uploads\\\/2022\\\/08\\\/Augsburger_Hohes-Friedensfest_Portrait-Hasare-Demir-2-scaled.jpg\",\"id\":\"95958\",\"alt\":\"Augsburger Hohes Friedensfest: Portrait von Hasare Demir\",\"source\":\"library\"}' alt=\"Portrait of Hasare Demir\" title=\"Hasare Demir among her friends\" role=\"img\" aria-label=\"Augsburger Hohes Friedensfest: Portrait von Hasare Demir\" data-copyright=\"\u00a9 Regio Augsburg Wirtschaft GmbH\" width=\"150\" height=\"113\"\n\t\t\t\t\t\t\t\t\t\t\ttarget=\"_blank\"\n\t\t\t\t\t\t\t\t\t\t\trole=\"img\" aria-label=\"Augsburger Hohes Friedensfest: Portrait von Hasare Demir\">\n\t\t\t\t\t\t\t\t\t\t<\/a>                                                <div class=\"media-card-content\">\n                                                    <h3 class=\"h2\">\n                                                                                                                    <span class=\"h4 text-\">Success story: international clubs <\/span>\n                                                            <span style=\"display:none\">\u2013<\/span>\n                                                                                                                A\u00b3 and the world: International asociations and partnerships                                                    <\/h3>\n                                                                                                                                                                                                            <\/div>\n                                            <\/div>\n                                        <\/div>\n                                    <\/div>\n                                \n\n                                \n\n                                \n\n                                \n                                \n\n                                                                                                <div class=\"col-12 col-ms-6 col-sm-4 col-lg-3 mb-4 mt-2\">\n                                        <div class=\"media-card widget-\">\n                                            <div class=\"media-card-inner\">\n                                                <a href=\"https:\/\/www.region-a3.com\/en\/story\/world-class-research\/\" type=\"button\"\n\t\t\t\t\t\t\t\t\t\t\ttitle=\"Kooperierende Roboter in der MFZ im DLR-ZLP in Augsburg\"\n\t\t\t\t\t\t\t\t\t\t\tclass=\"media-card-image\"\n\t\t\t\t\t\t\t\t\t\t\t style=\"background-image:url(https:\/\/www.region-a3.com\/wp-content\/uploads\/2020\/09\/roboter_mfz-1050x591.jpg)\" data-debug='{\"url\":\"http:\\\/\\\/a3\\\/wp-content\\\/uploads\\\/2020\\\/09\\\/roboter_mfz.jpg\",\"id\":\"1485\"}' role=\"img\" aria-label=\"Spitzenforschung im DLR-ZLP in Augsburg\" width=\"150\" height=\"84\"\n\t\t\t\t\t\t\t\t\t\t\ttarget=\"_blank\"\n\t\t\t\t\t\t\t\t\t\t\trole=\"img\" aria-label=\"Spitzenforschung im DLR-ZLP in Augsburg\">\n\t\t\t\t\t\t\t\t\t\t<\/a>                                                <div class=\"media-card-content\">\n                                                    <h3 class=\"h2\">\n                                                                                                                    <span class=\"h4 text-\">Success story: cutting-edge research at A\u00b3<\/span>\n                                                            <span style=\"display:none\">\u2013<\/span>\n                                                                                                                Ready for the future \u2013 world-class research                                                    <\/h3>\n                                                                                                                                                                                                            <\/div>\n                                            <\/div>\n                                        <\/div>\n                                    <\/div>\n                                \n\n                                \n\n                                \n\n                                \n                                \n\n                                                                                                <div class=\"col-12 col-ms-6 col-sm-4 col-lg-3 mb-4 mt-2\">\n                                        <div class=\"media-card widget-\">\n                                            <div class=\"media-card-inner\">\n                                                <a href=\"https:\/\/www.region-a3.com\/en\/story\/corporate-networks-in-the-business-location-augsburg\/\" type=\"button\"\n\t\t\t\t\t\t\t\t\t\t\ttitle=\"Jubil\u00e4umsfeier im Martini-Park im Sommer 2019\"\n\t\t\t\t\t\t\t\t\t\t\tclass=\"media-card-image\"\n\t\t\t\t\t\t\t\t\t\t\t style=\"background-image:url(https:\/\/www.region-a3.com\/wp-content\/uploads\/2020\/09\/Rund-170-Unternehmen-aus-dem-Wirtschaftsraum-Augsburg-sind-bereits-Mitglied-im-A\u00b3-Foerderverein.-Seien-auch-Sie-dabei.jpg)\" data-debug='{\"url\":\"https:\\\/\\\/www.region-a3.com\\\/wp-content\\\/uploads\\\/2020\\\/09\\\/Rund-170-Unternehmen-aus-dem-Wirtschaftsraum-Augsburg-sind-bereits-Mitglied-im-A\\u00b3-Foerderverein.-Seien-auch-Sie-dabei.jpg\",\"id\":\"1982\",\"alt\":\"Bild von der Jubil\\u00e4umsfeier im Martini-Park im Sommer 2019\",\"source\":\"library\",\"size\":\"\"}' alt=\"Picture of the anniversary celebration in Martini Park in summer 2019\" role=\"img\" aria-label=\"Bild von der Jubil\u00e4umsfeier im Martini-Park im Sommer 2019\" data-copyright=\"\u00a9 Regio Augsburg Wirtschaft GmbH\" width=\"150\" height=\"100\"\n\t\t\t\t\t\t\t\t\t\t\ttarget=\"_blank\"\n\t\t\t\t\t\t\t\t\t\t\trole=\"img\" aria-label=\"Bild von der Jubil\u00e4umsfeier im Martini-Park im Sommer 2019\">\n\t\t\t\t\t\t\t\t\t\t<\/a>                                                <div class=\"media-card-content\">\n                                                    <h3 class=\"h2\">\n                                                                                                                    <span class=\"h4 text-\">Success story: Business networks<\/span>\n                                                            <span style=\"display:none\">\u2013<\/span>\n                                                                                                                Well connected: Innovative company networks in the business location Augsburg                                                    <\/h3>\n                                                                                                                                                                                                            <\/div>\n                                            <\/div>\n                                        <\/div>\n                                    <\/div>\n                                \n\n                                \n\n                                \n\n                                \n                                \n\n                                                                                                <div class=\"col-12 col-ms-6 col-sm-4 col-lg-3 mb-4 mt-2\">\n                                        <div class=\"media-card widget-\">\n                                            <div class=\"media-card-inner\">\n                                                <a href=\"https:\/\/www.region-a3.com\/en\/story\/sustainable-logistics-in-a3\/\" type=\"button\"\n\t\t\t\t\t\t\t\t\t\t\ttitle=\"DB Schenker im GVZ mit Wassertank rechts im Bild\"\n\t\t\t\t\t\t\t\t\t\t\tclass=\"media-card-image\"\n\t\t\t\t\t\t\t\t\t\t\t style=\"background-image:url(https:\/\/www.region-a3.com\/wp-content\/uploads\/2020\/10\/1800_1200_GVZ_Wassertank-DB-Schenker-Gross-1050x700.jpg)\" data-debug='{\"url\":\"http:\\\/\\\/www.region-a3.com\\\/wp-content\\\/uploads\\\/2020\\\/10\\\/1800_1200_GVZ_Wassertank-DB-Schenker-Gross.jpg\",\"id\":\"5466\"}' role=\"img\" aria-label=\"Rechts im Bild zu sehen, ein Wassertank f\u00fcr den L\u00f6schfall von DB Schenker\" width=\"150\" height=\"100\"\n\t\t\t\t\t\t\t\t\t\t\ttarget=\"_blank\"\n\t\t\t\t\t\t\t\t\t\t\trole=\"img\" aria-label=\"Rechts im Bild zu sehen, ein Wassertank f\u00fcr den L\u00f6schfall von DB Schenker\">\n\t\t\t\t\t\t\t\t\t\t<\/a>                                                <div class=\"media-card-content\">\n                                                    <h3 class=\"h2\">\n                                                                                                                    <span class=\"h4 text-\">Success story: Sustainable logistics<\/span>\n                                                            <span style=\"display:none\">\u2013<\/span>\n                                                                                                                Logistics goes sustainable in A\u00b3                                                    <\/h3>\n                                                                                                                                                                                                            <\/div>\n                                            <\/div>\n                                        <\/div>\n                                    <\/div>\n                                \n\n                                \n\n                                \n\n                                \n                                \n\n                                                                                                <div class=\"col-12 col-ms-6 col-sm-4 col-lg-3 mb-4 mt-2\">\n                                        <div class=\"media-card widget-\">\n                                            <div class=\"media-card-inner\">\n                                                <a href=\"https:\/\/www.region-a3.com\/en\/story\/lifelong-learning\/\" type=\"button\"\n\t\t\t\t\t\t\t\t\t\t\ttitle=\"Ausbildung bei KUKA\"\n\t\t\t\t\t\t\t\t\t\t\tclass=\"media-card-image\"\n\t\t\t\t\t\t\t\t\t\t\t style=\"background-image:url(https:\/\/www.region-a3.com\/wp-content\/uploads\/2022\/09\/Unternehmen-KUKA-Galerie-Identiaet-48-1050x700.jpg)\" data-debug='{\"url\":\"https:\\\/\\\/www.region-a3.com\\\/wp-content\\\/uploads\\\/2022\\\/09\\\/Unternehmen-KUKA-Galerie-Identiaet-48-scaled.jpg\",\"id\":\"101938\",\"alt\":\"Unternehmen KUKA\",\"source\":\"library\",\"size\":\"\"}' alt=\"Training at KUKA\" role=\"img\" aria-label=\"Unternehmen KUKA\" width=\"150\" height=\"100\"\n\t\t\t\t\t\t\t\t\t\t\ttarget=\"_blank\"\n\t\t\t\t\t\t\t\t\t\t\trole=\"img\" aria-label=\"Unternehmen KUKA\">\n\t\t\t\t\t\t\t\t\t\t<\/a>                                                <div class=\"media-card-content\">\n                                                    <h3 class=\"h2\">\n                                                                                                                    <span class=\"h4 text-\">success story: lifelong learning <\/span>\n                                                            <span style=\"display:none\">\u2013<\/span>\n                                                                                                                Never stop learning \u2013 Lifelong learning in A\u00b3                                                    <\/h3>\n                                                                                                                                                                                                            <\/div>\n                                            <\/div>\n                                        <\/div>\n                                    <\/div>\n                                \n\n                                \n\n                                \n\n                                \n                                \n\n                                                                                                <div class=\"col-12 col-ms-6 col-sm-4 col-lg-3 mb-4 mt-2\">\n                                        <div class=\"media-card widget-\">\n                                            <div class=\"media-card-inner\">\n                                                <a href=\"https:\/\/www.region-a3.com\/en\/story\/compatibility-of-family-care-and-work\/\" type=\"button\"\n\t\t\t\t\t\t\t\t\t\t\ttitle=\"Beruf&#038;Familie bei Leitwerk\"\n\t\t\t\t\t\t\t\t\t\t\tclass=\"media-card-image\"\n\t\t\t\t\t\t\t\t\t\t\t style=\"background-image:url(https:\/\/www.region-a3.com\/wp-content\/uploads\/2021\/01\/Leitwerk-Bild-1050x687.png)\" data-debug='{\"url\":\"https:\\\/\\\/www.region-a3.com\\\/wp-content\\\/uploads\\\/2021\\\/01\\\/Leitwerk-Bild.png\",\"id\":\"18146\",\"alt\":\"\",\"source\":\"library\",\"size\":\"\"}' width=\"150\" height=\"98\"\n\t\t\t\t\t\t\t\t\t\t\ttarget=\"_blank\"\n\t\t\t\t\t\t\t\t\t\t\trole=\"img\" aria-label=\"\">\n\t\t\t\t\t\t\t\t\t\t<\/a>                                                <div class=\"media-card-content\">\n                                                    <h3 class=\"h2\">\n                                                                                                                    <span class=\"h4 text-\">success story: compatibility<\/span>\n                                                            <span style=\"display:none\">\u2013<\/span>\n                                                                                                                Better compatibility of family, care and work                                                    <\/h3>\n                                                                                                                                                                                                            <\/div>\n                                            <\/div>\n                                        <\/div>\n                                    <\/div>\n                                \n\n                                \n\n                                \n\n                                \n                                \n\n                                                                                                <div class=\"col-12 col-ms-6 col-sm-4 col-lg-3 mb-4 mt-2\">\n                                        <div class=\"media-card widget-\">\n                                            <div class=\"media-card-inner\">\n                                                <a href=\"https:\/\/www.region-a3.com\/en\/story\/club-culture-in-a3\/\" type=\"button\"\n\t\t\t\t\t\t\t\t\t\t\ttitle=\"Staudenhaus\"\n\t\t\t\t\t\t\t\t\t\t\tclass=\"media-card-image\"\n\t\t\t\t\t\t\t\t\t\t\t style=\"background-image:url(https:\/\/www.region-a3.com\/wp-content\/uploads\/2022\/09\/Staudenhaus-Foto-Marcus-MerkDSC_0375-1-1050x700.jpg)\" data-debug='{\"url\":\"https:\\\/\\\/www.region-a3.com\\\/wp-content\\\/uploads\\\/2022\\\/09\\\/Staudenhaus-Foto-Marcus-MerkDSC_0375-1-scaled.jpg\",\"id\":\"98807\",\"alt\":\"Heimatverein Landkreis Augsburg\",\"source\":\"library\",\"size\":\"\"}' alt=\"a house in the region Stauden\" role=\"img\" aria-label=\"Heimatverein Landkreis Augsburg\" width=\"150\" height=\"100\"\n\t\t\t\t\t\t\t\t\t\t\ttarget=\"_blank\"\n\t\t\t\t\t\t\t\t\t\t\trole=\"img\" aria-label=\"Heimatverein Landkreis Augsburg\">\n\t\t\t\t\t\t\t\t\t\t<\/a>                                                <div class=\"media-card-content\">\n                                                    <h3 class=\"h2\">\n                                                                                                                    <span class=\"h4 text-\">Success story: club culture<\/span>\n                                                            <span style=\"display:none\">\u2013<\/span>\n                                                                                                                Living values.  Finding community                                                    <\/h3>\n                                                                                                                                                                                                            <\/div>\n                                            <\/div>\n                                        <\/div>\n                                    <\/div>\n                                \n\n                                \n\n                                \n\n                                \n                                \n\n                                                                                                <div class=\"col-12 col-ms-6 col-sm-4 col-lg-3 mb-4 mt-2\">\n                                        <div class=\"media-card widget-\">\n                                            <div class=\"media-card-inner\">\n                                                <a href=\"https:\/\/www.region-a3.com\/en\/story\/a3-is-all-this-and-much-more\/\" type=\"button\"\n\t\t\t\t\t\t\t\t\t\t\ttitle=\"Landschaft Mandichosee\"\n\t\t\t\t\t\t\t\t\t\t\tclass=\"media-card-image\"\n\t\t\t\t\t\t\t\t\t\t\t style=\"background-image:url(https:\/\/www.region-a3.com\/wp-content\/uploads\/2022\/09\/Landschaft-Mandichosee-Galerie-Identitaet-22-1-scaled.jpg)\" data-debug='{\"url\":\"https:\\\/\\\/www.region-a3.com\\\/wp-content\\\/uploads\\\/2022\\\/09\\\/Landschaft-Mandichosee-Galerie-Identitaet-22-1-scaled.jpg\",\"id\":\"101852\",\"alt\":\"\",\"source\":\"library\",\"size\":\"\"}' alt=\"Landscape Mandichosee\" title=\"Boat landing stage at Lake Mandicho\" role=\"img\" aria-label=\"Landscape Mandichosee\" data-copyright=\"\u00a9 Regio Augsburg Wirtschaft GmbH\" width=\"150\" height=\"100\"\n\t\t\t\t\t\t\t\t\t\t\ttarget=\"_blank\"\n\t\t\t\t\t\t\t\t\t\t\trole=\"img\" aria-label=\"\">\n\t\t\t\t\t\t\t\t\t\t<\/a>                                                <div class=\"media-card-content\">\n                                                    <h3 class=\"h2\">\n                                                                                                                    <span class=\"h4 text-\">Success story: Features of the region<\/span>\n                                                            <span style=\"display:none\">\u2013<\/span>\n                                                                                                                A\u00b3 is all this \u2013 and much more                                                    <\/h3>\n                                                                                                                                                                                                            <\/div>\n                                            <\/div>\n                                        <\/div>\n                                    <\/div>\n                                \n\n                                \n\n                                \n\n                                \n                                \n\n                                                                        <\/div>\n                                                        <\/div>\n            <\/div>\n        <\/div>\n    \n    \n\n\n<!-- Widget End -->\n\n\t\t\t\t<\/div>\n\t\t\t\t<\/div>\n\t\t\t\t\t<\/div>\n\t\t<\/div>\n\t\t\t\t\t<\/div>\n\t\t<\/section>\n\t\t\t\t<\/div>\n\t\t","protected":false},"excerpt":{"rendered":"<p>Location with a sustainable perspective \u2013 Successes that are unique in their sum. Read exciting and informative stories about what makes the region so unique. From innovative companies and successful collaborations to unique places &#8211; you will be surprised at what the region has to offer. Location with a sustainable perspective \u2013 Successes that are [&hellip;]<\/p>\n","protected":false},"author":16,"featured_media":0,"parent":0,"menu_order":0,"comment_status":"closed","ping_status":"closed","template":"","meta":{"_acf_changed":false,"footnotes":""},"categories":[578,538],"tags":[560],"class_list":["post-237587","page","type-page","status-publish","hentry","category-regional-identity","category-unkategorisiert","tag-standort-en"],"acf":[],"yoast_head":"<!-- This site is optimized with the Yoast SEO plugin v27.5 - https:\/\/yoast.com\/product\/yoast-seo-wordpress\/ -->\n<title>Sucess Stories &#187; A\u00b3<\/title>\n<meta name=\"robots\" content=\"index, follow, max-snippet:-1, max-image-preview:large, max-video-preview:-1\" \/>\n<link rel=\"canonical\" href=\"https:\/\/www.region-a3.com\/en\/sucess-stories\/\" \/>\n<meta property=\"og:locale\" content=\"en_US\" \/>\n<meta property=\"og:type\" content=\"article\" \/>\n<meta property=\"og:title\" content=\"Sucess Stories &#187; A\u00b3\" \/>\n<meta property=\"og:description\" content=\"Location with a sustainable perspective \u2013 Successes that are unique in their sum. Read exciting and informative stories about what makes the region so unique. From innovative companies and successful collaborations to unique places &#8211; you will be surprised at what the region has to offer. Location with a sustainable perspective \u2013 Successes that are [&hellip;]\" \/>\n<meta property=\"og:url\" content=\"https:\/\/www.region-a3.com\/en\/sucess-stories\/\" \/>\n<meta property=\"og:site_name\" content=\"A\u00b3\" \/>\n<meta property=\"article:publisher\" content=\"https:\/\/www.facebook.com\/pages\/Regio-Augsburg-Wirtschaft-GmbH\/517310831654971\" \/>\n<meta property=\"article:modified_time\" content=\"2025-06-26T11:28:17+00:00\" \/>\n<meta property=\"og:image\" content=\"https:\/\/www.region-a3.com\/wp-content\/uploads\/2021\/02\/A3-favicon_192x192px.png\" \/>\n\t<meta property=\"og:image:width\" content=\"192\" \/>\n\t<meta property=\"og:image:height\" content=\"192\" \/>\n\t<meta property=\"og:image:type\" content=\"image\/png\" \/>\n<meta name=\"twitter:card\" content=\"summary_large_image\" \/>\n<meta name=\"twitter:site\" content=\"@ahoch3_augsburg\" \/>\n<meta name=\"twitter:label1\" content=\"Est. reading time\" \/>\n\t<meta name=\"twitter:data1\" content=\"1 minute\" \/>\n<script type=\"application\/ld+json\" class=\"yoast-schema-graph\">{\"@context\":\"https:\\\/\\\/schema.org\",\"@graph\":[{\"@type\":\"WebPage\",\"@id\":\"https:\\\/\\\/www.region-a3.com\\\/en\\\/sucess-stories\\\/\",\"url\":\"https:\\\/\\\/www.region-a3.com\\\/en\\\/sucess-stories\\\/\",\"name\":\"Sucess Stories &#187; A\u00b3\",\"isPartOf\":{\"@id\":\"https:\\\/\\\/www.region-a3.com\\\/en\\\/#website\"},\"datePublished\":\"2021-01-20T16:39:23+00:00\",\"dateModified\":\"2025-06-26T11:28:17+00:00\",\"inLanguage\":\"en-US\",\"potentialAction\":[{\"@type\":\"ReadAction\",\"target\":[\"https:\\\/\\\/www.region-a3.com\\\/en\\\/sucess-stories\\\/\"]}]},{\"@type\":\"WebSite\",\"@id\":\"https:\\\/\\\/www.region-a3.com\\\/en\\\/#website\",\"url\":\"https:\\\/\\\/www.region-a3.com\\\/en\\\/\",\"name\":\"A\u00b3\",\"description\":\"Website der Regio Augsburg Wirtschaft GmbH\",\"publisher\":{\"@id\":\"https:\\\/\\\/www.region-a3.com\\\/en\\\/#organization\"},\"potentialAction\":[{\"@type\":\"SearchAction\",\"target\":{\"@type\":\"EntryPoint\",\"urlTemplate\":\"https:\\\/\\\/www.region-a3.com\\\/en\\\/?s={search_term_string}\"},\"query-input\":{\"@type\":\"PropertyValueSpecification\",\"valueRequired\":true,\"valueName\":\"search_term_string\"}}],\"inLanguage\":\"en-US\"},{\"@type\":\"Organization\",\"@id\":\"https:\\\/\\\/www.region-a3.com\\\/en\\\/#organization\",\"name\":\"Regio Augsburg Wirtschaft GmbH\",\"url\":\"https:\\\/\\\/www.region-a3.com\\\/en\\\/\",\"logo\":{\"@type\":\"ImageObject\",\"inLanguage\":\"en-US\",\"@id\":\"https:\\\/\\\/www.region-a3.com\\\/en\\\/#\\\/schema\\\/logo\\\/image\\\/\",\"url\":\"https:\\\/\\\/www.region-a3.com\\\/wp-content\\\/uploads\\\/2020\\\/11\\\/A3-Regio_Augsburg_Wirtschaft-Logo-rgb.jpg\",\"contentUrl\":\"https:\\\/\\\/www.region-a3.com\\\/wp-content\\\/uploads\\\/2020\\\/11\\\/A3-Regio_Augsburg_Wirtschaft-Logo-rgb.jpg\",\"width\":692,\"height\":265,\"caption\":\"Regio Augsburg Wirtschaft GmbH\"},\"image\":{\"@id\":\"https:\\\/\\\/www.region-a3.com\\\/en\\\/#\\\/schema\\\/logo\\\/image\\\/\"},\"sameAs\":[\"https:\\\/\\\/www.facebook.com\\\/pages\\\/Regio-Augsburg-Wirtschaft-GmbH\\\/517310831654971\",\"https:\\\/\\\/x.com\\\/ahoch3_augsburg\",\"https:\\\/\\\/www.linkedin.com\\\/company\\\/regio-augsburg-wirtschaft-gmbh\",\"https:\\\/\\\/www.youtube.com\\\/user\\\/RegionA3\"]}]}<\/script>\n<!-- \/ Yoast SEO plugin. -->","yoast_head_json":{"title":"Sucess Stories &#187; A\u00b3","robots":{"index":"index","follow":"follow","max-snippet":"max-snippet:-1","max-image-preview":"max-image-preview:large","max-video-preview":"max-video-preview:-1"},"canonical":"https:\/\/www.region-a3.com\/en\/sucess-stories\/","og_locale":"en_US","og_type":"article","og_title":"Sucess Stories &#187; A\u00b3","og_description":"Location with a sustainable perspective \u2013 Successes that are unique in their sum. Read exciting and informative stories about what makes the region so unique. From innovative companies and successful collaborations to unique places &#8211; you will be surprised at what the region has to offer. Location with a sustainable perspective \u2013 Successes that are [&hellip;]","og_url":"https:\/\/www.region-a3.com\/en\/sucess-stories\/","og_site_name":"A\u00b3","article_publisher":"https:\/\/www.facebook.com\/pages\/Regio-Augsburg-Wirtschaft-GmbH\/517310831654971","article_modified_time":"2025-06-26T11:28:17+00:00","og_image":[{"width":192,"height":192,"url":"https:\/\/www.region-a3.com\/wp-content\/uploads\/2021\/02\/A3-favicon_192x192px.png","type":"image\/png"}],"twitter_card":"summary_large_image","twitter_site":"@ahoch3_augsburg","twitter_misc":{"Est. reading time":"1 minute"},"schema":{"@context":"https:\/\/schema.org","@graph":[{"@type":"WebPage","@id":"https:\/\/www.region-a3.com\/en\/sucess-stories\/","url":"https:\/\/www.region-a3.com\/en\/sucess-stories\/","name":"Sucess Stories &#187; A\u00b3","isPartOf":{"@id":"https:\/\/www.region-a3.com\/en\/#website"},"datePublished":"2021-01-20T16:39:23+00:00","dateModified":"2025-06-26T11:28:17+00:00","inLanguage":"en-US","potentialAction":[{"@type":"ReadAction","target":["https:\/\/www.region-a3.com\/en\/sucess-stories\/"]}]},{"@type":"WebSite","@id":"https:\/\/www.region-a3.com\/en\/#website","url":"https:\/\/www.region-a3.com\/en\/","name":"A\u00b3","description":"Website der Regio Augsburg Wirtschaft GmbH","publisher":{"@id":"https:\/\/www.region-a3.com\/en\/#organization"},"potentialAction":[{"@type":"SearchAction","target":{"@type":"EntryPoint","urlTemplate":"https:\/\/www.region-a3.com\/en\/?s={search_term_string}"},"query-input":{"@type":"PropertyValueSpecification","valueRequired":true,"valueName":"search_term_string"}}],"inLanguage":"en-US"},{"@type":"Organization","@id":"https:\/\/www.region-a3.com\/en\/#organization","name":"Regio Augsburg Wirtschaft GmbH","url":"https:\/\/www.region-a3.com\/en\/","logo":{"@type":"ImageObject","inLanguage":"en-US","@id":"https:\/\/www.region-a3.com\/en\/#\/schema\/logo\/image\/","url":"https:\/\/www.region-a3.com\/wp-content\/uploads\/2020\/11\/A3-Regio_Augsburg_Wirtschaft-Logo-rgb.jpg","contentUrl":"https:\/\/www.region-a3.com\/wp-content\/uploads\/2020\/11\/A3-Regio_Augsburg_Wirtschaft-Logo-rgb.jpg","width":692,"height":265,"caption":"Regio Augsburg Wirtschaft GmbH"},"image":{"@id":"https:\/\/www.region-a3.com\/en\/#\/schema\/logo\/image\/"},"sameAs":["https:\/\/www.facebook.com\/pages\/Regio-Augsburg-Wirtschaft-GmbH\/517310831654971","https:\/\/x.com\/ahoch3_augsburg","https:\/\/www.linkedin.com\/company\/regio-augsburg-wirtschaft-gmbh","https:\/\/www.youtube.com\/user\/RegionA3"]}]}},"publishpress_future_workflow_manual_trigger":{"enabledWorkflows":[]},"_links":{"self":[{"href":"https:\/\/www.region-a3.com\/en\/wp-json\/wp\/v2\/pages\/237587","targetHints":{"allow":["GET"]}}],"collection":[{"href":"https:\/\/www.region-a3.com\/en\/wp-json\/wp\/v2\/pages"}],"about":[{"href":"https:\/\/www.region-a3.com\/en\/wp-json\/wp\/v2\/types\/page"}],"author":[{"embeddable":true,"href":"https:\/\/www.region-a3.com\/en\/wp-json\/wp\/v2\/users\/16"}],"replies":[{"embeddable":true,"href":"https:\/\/www.region-a3.com\/en\/wp-json\/wp\/v2\/comments?post=237587"}],"version-history":[{"count":7,"href":"https:\/\/www.region-a3.com\/en\/wp-json\/wp\/v2\/pages\/237587\/revisions"}],"predecessor-version":[{"id":237614,"href":"https:\/\/www.region-a3.com\/en\/wp-json\/wp\/v2\/pages\/237587\/revisions\/237614"}],"wp:attachment":[{"href":"https:\/\/www.region-a3.com\/en\/wp-json\/wp\/v2\/media?parent=237587"}],"wp:term":[{"taxonomy":"category","embeddable":true,"href":"https:\/\/www.region-a3.com\/en\/wp-json\/wp\/v2\/categories?post=237587"},{"taxonomy":"post_tag","embeddable":true,"href":"https:\/\/www.region-a3.com\/en\/wp-json\/wp\/v2\/tags?post=237587"}],"curies":[{"name":"wp","href":"https:\/\/api.w.org\/{rel}","templated":true}]}}